{"id":3507,"date":"2022-03-14T10:23:28","date_gmt":"2022-03-14T09:23:28","guid":{"rendered":"https:\/\/quartiervosges.fr\/?page_id=3507"},"modified":"2024-05-25T17:36:45","modified_gmt":"2024-05-25T15:36:45","slug":"jardin-du-palais","status":"publish","type":"page","link":"https:\/\/quartiervosges.fr\/?page_id=3507","title":{"rendered":"Jardin du palais"},"content":{"rendered":"<div data-colibri-id=\"3507-c1\" class=\"style-1906 style-local-3507-c1 position-relative\">\n  <!---->\n  <div data-colibri-component=\"section\" data-colibri-id=\"3507-c2\" id=\"about\" class=\"h-section h-section-global-spacing d-flex align-items-lg-center align-items-md-center align-items-center style-1907 style-local-3507-c2 position-relative\">\n    <!---->\n    <!---->\n    <div class=\"h-section-grid-container h-section-boxed-container\">\n      <div data-colibri-id=\"3507-c7\" class=\"h-row-container gutters-row-lg-3 gutters-row-md-3 gutters-row-2 gutters-row-v-lg-3 gutters-row-v-md-3 gutters-row-v-3 style-1912 style-local-3507-c7 position-relative\">\n        <!---->\n        <div class=\"h-row justify-content-lg-center justify-content-md-center justify-content-center align-items-lg-stretch align-items-md-stretch align-items-stretch gutters-col-lg-3 gutters-col-md-3 gutters-col-2 gutters-col-v-lg-3 gutters-col-v-md-3 gutters-col-v-3\">\n          <!---->\n          <div class=\"h-column h-column-container d-flex h-col-lg-auto h-col-md-auto h-col-auto style-1913-outer style-local-3507-c8-outer\">\n            <div data-colibri-id=\"3507-c8\" class=\"d-flex h-flex-basis h-column__inner h-px-lg-0 h-px-md-0 h-px-2 v-inner-lg-0 v-inner-md-0 v-inner-2 style-1913 style-local-3507-c8 position-relative\">\n              <!---->\n              <!---->\n              <div class=\"w-100 h-y-container h-column__content h-column__v-align flex-basis-auto align-self-lg-start align-self-md-start align-self-start\">\n                <!---->\n                <div data-colibri-id=\"3507-c9\" class=\"h-global-transition-all h-heading style-1914 style-local-3507-c9 position-relative h-element\">\n                  <!---->\n                  <div class=\"h-heading__outer style-1914 style-local-3507-c9\">\n                    <!---->\n                    <!---->\n                    <h5 class=\"\">Le jardin du palais du Rhin<\/h5>\n                  <\/div>\n                <\/div>\n                <div data-colibri-id=\"3507-c10\" class=\"h-global-transition-all h-heading style-1915 style-local-3507-c10 position-relative h-element\">\n                  <!---->\n                  <div class=\"h-heading__outer style-1915 style-local-3507-c10\">\n                    <!---->\n                    <!---->\n                    <h2 class=\"\">Ce jardin est un patrimoine <em style=\"color: rgb(3, 169, 244); font-family: Playfair Display;\">vivant<\/em> de la Neustadt.\n                      <br>Signez pour sa <em style=\"color: rgb(3, 169, 244); font-family: Playfair Display;\">r\u00e9ouverture <\/em>au public!<\/h2>\n                  <\/div>\n                <\/div>\n                <div data-colibri-id=\"3507-c11\" class=\"h-lead h-text h-text-component style-1916 style-local-3507-c11 position-relative h-element\">\n                  <!---->\n                  <!---->\n                  <div class=\"\">\n                    <p>D\u00e9couvrez&nbsp;ce jardin magnifique et mysterieux, lieu historique des \u00e9changes entre g\u00e9n\u00e9rations h\u00e9las\n                      <br>ferm\u00e9 au public depuis 2015 sans raison.\n                      <br>\n                      <br>\n                    <\/p>\n                  <\/div>\n                <\/div>\n                <div data-colibri-id=\"3507-c12\" class=\"h-x-container style-1917 style-local-3507-c12 position-relative h-element\">\n                  <!---->\n                  <div class=\"h-x-container-inner style-dynamic-3507-c12-group style-1917-spacing style-local-3507-c12-spacing\"><span class=\"h-button__outer style-1918-outer style-local-3507-c13-outer d-inline-flex h-element\"><a h-use-smooth-scroll=\"true\" href=\"https:\/\/www.change.org\/p\/drac-pour-la-r%C3%A9ouverture-du-parc-du-palais-du-rhin\" target=\"_blank\" data-colibri-id=\"3507-c13\" class=\"d-flex w-100 align-items-center h-button justify-content-lg-center justify-content-md-center justify-content-center style-1918 style-local-3507-c13 position-relative\" rel=\"noopener\"><!----><!----> <span>Signer la p\u00e9tition<\/span><\/a>\n                    <\/span>\n                  <\/div>\n                <\/div>\n              <\/div>\n            <\/div>\n          <\/div>\n        <\/div>\n      <\/div>\n      <div data-colibri-id=\"3507-c3\" class=\"h-row-container gutters-row-lg-0 gutters-row-md-0 gutters-row-0 gutters-row-v-lg-0 gutters-row-v-md-0 gutters-row-v-0 style-1908 style-local-3507-c3 h-overflow-hidden position-relative\">\n        <!---->\n        <div class=\"h-row justify-content-lg-center justify-content-md-center justify-content-center align-items-lg-end align-items-md-end align-items-end gutters-col-lg-0 gutters-col-md-0 gutters-col-0 gutters-col-v-lg-0 gutters-col-v-md-0 gutters-col-v-0\">\n          <!---->\n          <div class=\"h-column h-column-container d-flex h-col-lg-auto h-col-md-auto h-col-auto align-self-lg-end align-self-md-end align-self-end style-1909-outer style-local-3507-c4-outer\">\n            <div data-colibri-id=\"3507-c4\" class=\"d-flex h-flex-basis h-column__inner h-ui-empty-state-container h-px-lg-0 h-px-md-0 h-px-0 v-inner-lg-0 v-inner-md-0 v-inner-0 style-1909 style-local-3507-c4 position-relative\">\n              <!---->\n              <!---->\n              <div class=\"w-100 h-y-container h-column__content h-column__v-align flex-basis-100\">\n                <!---->\n              <\/div>\n            <\/div>\n          <\/div>\n          <div class=\"h-column h-column-container d-flex h-col-lg-auto h-col-md-auto h-col-auto align-self-lg-end align-self-md-end align-self-end style-1910-outer style-local-3507-c5-outer\">\n            <div data-colibri-id=\"3507-c5\" class=\"d-flex h-flex-basis h-column__inner h-ui-empty-state-container h-px-lg-0 h-px-md-0 h-px-0 v-inner-lg-0 v-inner-md-0 v-inner-0 style-1910 style-local-3507-c5 position-relative\">\n              <!---->\n              <!---->\n              <div class=\"w-100 h-y-container h-column__content h-column__v-align flex-basis-100\">\n                <!---->\n              <\/div>\n            <\/div>\n          <\/div>\n          <div class=\"h-column h-column-container d-flex h-col-lg-auto h-col-md-auto h-col-auto align-self-lg-end align-self-md-end align-self-end style-1911-outer style-local-3507-c6-outer\">\n            <div data-colibri-id=\"3507-c6\" class=\"d-flex h-flex-basis h-column__inner h-ui-empty-state-container h-px-lg-0 h-px-md-0 h-px-0 v-inner-lg-0 v-inner-md-0 v-inner-0 style-1911 style-local-3507-c6 position-relative\">\n              <!---->\n              <!---->\n              <div class=\"w-100 h-y-container h-column__content h-column__v-align flex-basis-100\">\n                <!---->\n              <\/div>\n            <\/div>\n          <\/div>\n        <\/div>\n      <\/div>\n    <\/div>\n  <\/div>\n  <div data-colibri-component=\"section\" data-colibri-id=\"3507-c14\" id=\"features\" class=\"h-section h-section-global-spacing d-flex align-items-lg-center align-items-md-center align-items-center style-1922 style-local-3507-c14 position-relative\">\n    <!---->\n    <!---->\n    <div class=\"h-section-grid-container h-section-boxed-container\">\n      <div data-colibri-id=\"3507-c40\" class=\"h-row-container gutters-row-lg-0 gutters-row-md-0 gutters-row-0 gutters-row-v-lg-0 gutters-row-v-md-0 gutters-row-v-0 style-1930 style-local-3507-c40 position-relative\">\n        <!---->\n        <div class=\"h-row justify-content-lg-center justify-content-md-center justify-content-center align-items-lg-stretch align-items-md-stretch align-items-stretch gutters-col-lg-0 gutters-col-md-0 gutters-col-0 gutters-col-v-lg-0 gutters-col-v-md-0 gutters-col-v-0\">\n          <!---->\n          <div class=\"h-column h-column-container d-flex h-col-lg-auto h-col-md-auto h-col-auto style-1931-outer style-local-3507-c41-outer\">\n            <div data-colibri-id=\"3507-c41\" class=\"d-flex h-flex-basis h-column__inner h-px-lg-2 h-px-md-2 h-px-2 v-inner-lg-2 v-inner-md-2 v-inner-2 style-1931 style-local-3507-c41 position-relative\">\n              <!---->\n              <!---->\n              <div class=\"w-100 h-y-container h-column__content h-column__v-align flex-basis-100 align-self-lg-start align-self-md-start align-self-start\">\n                <!---->\n                <div data-colibri-id=\"3507-c42\" class=\"h-global-transition-all h-heading style-1932 style-local-3507-c42 position-relative h-element\">\n                  <!---->\n                  <div class=\"h-heading__outer style-1932 style-local-3507-c42\">\n                    <!---->\n                    <!---->\n                    <h2 class=\"\">Un jardin public pour tous! <\/h2>\n                  <\/div>\n                <\/div>\n                <div data-colibri-id=\"3507-c43\" class=\"h-lead h-text h-text-component style-1933 style-local-3507-c43 position-relative h-element\">\n                  <!---->\n                  <!---->\n                  <div class=\"\">\n                    <p>4 associations du Quartier ont collectivement engag\u00e9 des actions pour rendre ce jardin accessible au public. &nbsp;\n                      <br>\n                    <\/p>\n                  <\/div>\n                <\/div>\n              <\/div>\n            <\/div>\n          <\/div>\n        <\/div>\n      <\/div>\n      <div data-colibri-id=\"3507-c15\" class=\"h-row-container gutters-row-lg-2 gutters-row-md-2 gutters-row-2 gutters-row-v-lg-2 gutters-row-v-md-2 gutters-row-v-2 style-1923 style-local-3507-c15 position-relative\">\n        <!---->\n        <div class=\"h-row justify-content-lg-center justify-content-md-center justify-content-center align-items-lg-stretch align-items-md-stretch align-items-stretch gutters-col-lg-2 gutters-col-md-2 gutters-col-2 gutters-col-v-lg-2 gutters-col-v-md-2 gutters-col-v-2\">\n          <!---->\n          <div class=\"h-column h-column-container d-flex h-col-lg-3 h-col-md-6 h-col-12 style-1924-outer style-local-3507-c16-outer\">\n            <div data-colibri-id=\"3507-c16\" class=\"d-flex h-flex-basis h-column__inner h-px-lg-3 h-px-md-3 h-px-2 v-inner-lg-3 v-inner-md-3 v-inner-2 style-1924 style-local-3507-c16 position-relative\">\n              <!---->\n              <!---->\n              <div class=\"w-100 h-y-container h-column__content h-column__v-align flex-basis-100 align-self-lg-center align-self-md-center align-self-center\">\n                <!---->\n                <div data-colibri-id=\"3507-c17\" class=\"h-icon style-1925 style-local-3507-c17 position-relative h-element\">\n                  <!----><span class=\"h-svg-icon h-icon__icon style-1925-icon style-local-3507-c17-icon\"><!--Icon by Font Awesome (https:\/\/fontawesome.com)-->\n    <svg version=\"1.1\" xmlns=\"http:\/\/www.w3.org\/2000\/svg\" xmlns:xlink=\"http:\/\/www.w3.org\/1999\/xlink\" id=\"university\" viewBox=\"0 0 2048 1896.0833\">\n      <path d=\"M960 0l960 384v128h-128q0 26-20.5 45t-48.5 19H197q-28 0-48.5-19T128 512H0V384zM256 640h256v768h128V640h256v768h128V640h256v768h128V640h256v768h59q28 0 48.5 19t20.5 45v64H128v-64q0-26 20.5-45t48.5-19h59V640zm1595 960q28 0 48.5 19t20.5 45v128H0v-128q0-26 20.5-45t48.5-19h1782z\"><\/path>\n    <\/svg><\/span><\/div>\n                <div data-colibri-id=\"3507-c18\" class=\"h-global-transition-all h-heading style-1926 style-local-3507-c18 position-relative h-element\">\n                  <!---->\n                  <div class=\"h-heading__outer style-1926 style-local-3507-c18\">\n                    <!---->\n                    <!---->\n                    <h4 class=\"\">130 ans d&rsquo;histoire<\/h4>\n                  <\/div>\n                <\/div>\n                <div data-colibri-id=\"3507-c19\" class=\"h-text h-text-component style-1927 style-local-3507-c19 position-relative h-element\">\n                  <!---->\n                  <!---->\n                  <div class=\"\">\n                    <p>Ce parc a \u00e9t\u00e9 am\u00e9nag\u00e9&nbsp;en m\u00eame temps que le Palais imp\u00e9rial (1883-1888) et le b\u00e2timents officiels de la palce. Guillaume II y s\u00e9journa tous les ans jusqu&rsquo;en 1914.\n                      <br>\n                    <\/p>\n                  <\/div>\n                <\/div>\n                <div data-colibri-id=\"3507-c20\" class=\"h-x-container style-1928 style-local-3507-c20 position-relative h-element\">\n                  <!---->\n                  <div class=\"h-x-container-inner style-dynamic-3507-c20-group style-1928-spacing style-local-3507-c20-spacing\"><span class=\"h-button__outer style-1929-outer style-local-3507-c21-outer d-inline-flex h-element\"><a h-use-smooth-scroll=\"true\" href=\"http:\/\/quartiervosges.fr\/wp-content\/uploads\/2022\/03\/Le-jardin-du-Palais-en-peril.pdf\" target=\"_blank\" data-colibri-id=\"3507-c21\" class=\"d-flex w-100 align-items-center h-button justify-content-lg-center justify-content-md-center justify-content-center style-1929 style-local-3507-c21 position-relative\" rel=\"noopener\"><!----><!----> <span>T\u00e9l\u00e9charger l&rsquo;histoire <\/span><\/a>\n                    <\/span>\n                  <\/div>\n                <\/div>\n              <\/div>\n            <\/div>\n          <\/div>\n          <div class=\"h-column h-column-container d-flex h-col-lg-3 h-col-md-6 h-col-12 style-1924-outer style-local-3507-c22-outer\">\n            <div data-colibri-id=\"3507-c22\" class=\"d-flex h-flex-basis h-column__inner h-px-lg-3 h-px-md-3 h-px-2 v-inner-lg-3 v-inner-md-3 v-inner-2 style-1924 style-local-3507-c22 position-relative\">\n              <!---->\n              <!---->\n              <div class=\"w-100 h-y-container h-column__content h-column__v-align flex-basis-100 align-self-lg-center align-self-md-center align-self-center\">\n                <!---->\n                <div data-colibri-id=\"3507-c23\" class=\"h-icon style-1925 style-local-3507-c23 position-relative h-element\">\n                  <!----><span class=\"h-svg-icon h-icon__icon style-1925-icon style-local-3507-c23-icon\"><!--Icon by Font Awesome (https:\/\/fontawesome.com)-->\n    <svg version=\"1.1\" xmlns=\"http:\/\/www.w3.org\/2000\/svg\" xmlns:xlink=\"http:\/\/www.w3.org\/1999\/xlink\" id=\"newspaper-o\" viewBox=\"0 0 2048 1896.0833\">\n      <path d=\"M1024 512H640v384h384V512zm128 640v128H512v-128h640zm0-768v640H512V384h640zm640 768v128h-512v-128h512zm0-256v128h-512V896h512zm0-256v128h-512V640h512zm0-256v128h-512V384h512zM256 1344V384H128v960q0 26 19 45t45 19 45-19 19-45zm1664 0V256H384v1088q0 33-11 64h1483q26 0 45-19t19-45zm128-1216v1216q0 80-56 136t-136 56H192q-80 0-136-56T0 1344V256h256V128h1792z\"><\/path>\n    <\/svg><\/span><\/div>\n                <div data-colibri-id=\"3507-c24\" class=\"h-global-transition-all h-heading style-1926 style-local-3507-c24 position-relative h-element\">\n                  <!---->\n                  <div class=\"h-heading__outer style-1926 style-local-3507-c24\">\n                    <!---->\n                    <!---->\n                    <h4 class=\"\">Actions en cours<\/h4>\n                  <\/div>\n                <\/div>\n                <div data-colibri-id=\"3507-c25\" class=\"h-text h-text-component style-1927 style-local-3507-c25 position-relative h-element\">\n                  <!---->\n                  <!---->\n                  <div class=\"\">\n                    <p>Apr\u00e8s des courriers co-sign\u00e9s par 4 association du quartier et adress\u00e9s \u00e0 la DRAC, la pr\u00e9fecture et au minist\u00e8re de la culture, au tour des lecteurs des DNA de se joindre \u00e0 nous.\n                      <br>\n                    <\/p>\n                  <\/div>\n                <\/div>\n                <div data-colibri-id=\"3507-c26\" class=\"h-x-container style-1928 style-local-3507-c26 position-relative h-element\">\n                  <!---->\n                  <div class=\"h-x-container-inner style-dynamic-3507-c26-group style-1928-spacing style-local-3507-c26-spacing\"><span class=\"h-button__outer style-1929-outer style-local-3507-c27-outer d-inline-flex h-element\"><a h-use-smooth-scroll=\"true\" href=\"http:\/\/quartiervosges.fr\/wp-content\/uploads\/2022\/03\/DNA-Scan-17-mars-22.pdf\"  data-colibri-id=\"3507-c27\" class=\"d-flex w-100 align-items-center h-button justify-content-lg-center justify-content-md-center justify-content-center style-1929 style-local-3507-c27 position-relative\"><!----><!----> <span>tribune<\/span><\/a>\n                    <\/span>\n                  <\/div>\n                <\/div>\n              <\/div>\n            <\/div>\n          <\/div>\n          <div class=\"h-column h-column-container d-flex h-col-lg-3 h-col-md-6 h-col-12 style-1924-outer style-local-3507-c28-outer\">\n            <div data-colibri-id=\"3507-c28\" class=\"d-flex h-flex-basis h-column__inner h-px-lg-3 h-px-md-3 h-px-2 v-inner-lg-3 v-inner-md-3 v-inner-2 style-1924 style-local-3507-c28 position-relative\">\n              <!---->\n              <!---->\n              <div class=\"w-100 h-y-container h-column__content h-column__v-align flex-basis-100 align-self-lg-center align-self-md-center align-self-center\">\n                <!---->\n                <div data-colibri-id=\"3507-c29\" class=\"h-icon style-1925 style-local-3507-c29 position-relative h-element\">\n                  <!----><span class=\"h-svg-icon h-icon__icon style-1925-icon style-local-3507-c29-icon\"><!--Icon by Font Awesome (https:\/\/fontawesome.com)-->\n    <svg version=\"1.1\" xmlns=\"http:\/\/www.w3.org\/2000\/svg\" xmlns:xlink=\"http:\/\/www.w3.org\/1999\/xlink\" id=\"calendar\" viewBox=\"0 0 1672.2646 1896.0833\">\n      <path d=\"M128 1664h288v-288H128v288zm352 0h320v-288H480v288zm-352-352h288V992H128v320zm352 0h320V992H480v320zM128 928h288V640H128v288zm736 736h320v-288H864v288zM480 928h320V640H480v288zm768 736h288v-288h-288v288zm-384-352h320V992H864v320zM512 448V160q0-13-9.5-22.5T480 128h-64q-13 0-22.5 9.5T384 160v288q0 13 9.5 22.5T416 480h64q13 0 22.5-9.5T512 448zm736 864h288V992h-288v320zM864 928h320V640H864v288zm384 0h288V640h-288v288zm32-480V160q0-13-9.5-22.5T1248 128h-64q-13 0-22.5 9.5T1152 160v288q0 13 9.5 22.5t22.5 9.5h64q13 0 22.5-9.5t9.5-22.5zm384-64v1280q0 52-38 90t-90 38H128q-52 0-90-38t-38-90V384q0-52 38-90t90-38h128v-96q0-66 47-113T416 0h64q66 0 113 47t47 113v96h384v-96q0-66 47-113t113-47h64q66 0 113 47t47 113v96h128q52 0 90 38t38 90z\"><\/path>\n    <\/svg><\/span><\/div>\n                <div data-colibri-id=\"3507-c30\" class=\"h-global-transition-all h-heading style-1926 style-local-3507-c30 position-relative h-element\">\n                  <!---->\n                  <div class=\"h-heading__outer style-1926 style-local-3507-c30\">\n                    <!---->\n                    <!---->\n                    <h4 class=\"\">Rendez-Vous Nettoyage citoyen<\/h4>\n                  <\/div>\n                <\/div>\n                <div data-colibri-id=\"3507-c31\" class=\"h-text h-text-component style-1927 style-local-3507-c31 position-relative h-element\">\n                  <!---->\n                  <!---->\n                  <div class=\"\">\n                    <p>Si vous \u00eates partant(e) pour de constituer une Equipe de nettoyage et de rendre \u00e0 ce jardin sa beaut\u00e9,&nbsp;\u00e9crivez-nous. Nous definerons une date ensemble.\n                      <br>\n                    <\/p>\n                  <\/div>\n                <\/div>\n                <div data-colibri-id=\"3507-c32\" class=\"h-x-container style-1928 style-local-3507-c32 position-relative h-element\">\n                  <!---->\n                  <div class=\"h-x-container-inner style-dynamic-3507-c32-group style-1928-spacing style-local-3507-c32-spacing\"><span class=\"h-button__outer style-1929-outer style-local-3507-c33-outer d-inline-flex h-element\"><a h-use-smooth-scroll=\"true\" href=\"mailto:quartiervosges@gmailcom\"  data-colibri-id=\"3507-c33\" class=\"d-flex w-100 align-items-center h-button justify-content-lg-center justify-content-md-center justify-content-center style-1929 style-local-3507-c33 position-relative\"><!----><!----> <span>je suis int\u00e9ress(e)e<\/span><\/a>\n                    <\/span>\n                  <\/div>\n                <\/div>\n              <\/div>\n            <\/div>\n          <\/div>\n          <div class=\"h-column h-column-container d-flex h-col-lg-3 h-col-md-6 h-col-12 style-1924-outer style-local-3507-c34-outer\">\n            <div data-colibri-id=\"3507-c34\" class=\"d-flex h-flex-basis h-column__inner h-px-lg-3 h-px-md-3 h-px-2 v-inner-lg-3 v-inner-md-3 v-inner-2 style-1924 style-local-3507-c34 position-relative\">\n              <!---->\n              <!---->\n              <div class=\"w-100 h-y-container h-column__content h-column__v-align flex-basis-100 align-self-lg-center align-self-md-center align-self-center\">\n                <!---->\n                <div data-colibri-id=\"3507-c35\" class=\"h-icon style-1925 style-local-3507-c35 position-relative h-element\">\n                  <!----><span class=\"h-svg-icon h-icon__icon style-1925-icon style-local-3507-c35-icon\"><!--Icon by Font Awesome (https:\/\/fontawesome.com)-->\n    <svg version=\"1.1\" xmlns=\"http:\/\/www.w3.org\/2000\/svg\" xmlns:xlink=\"http:\/\/www.w3.org\/1999\/xlink\" id=\"pencil\" viewBox=\"0 0 1536 1896.0833\">\n      <path d=\"M363 1536l91-91-235-235-91 91v107h128v128h107zm523-928q0-22-22-22-10 0-17 7l-542 542q-7 7-7 17 0 22 22 22 10 0 17-7l542-542q7-7 7-17zm-54-192l416 416-832 832H0v-416zm683 96q0 53-37 90l-166 166-416-416 166-165q36-38 90-38 53 0 91 38l235 234q37 39 37 91z\"><\/path>\n    <\/svg><\/span><\/div>\n                <div data-colibri-id=\"3507-c36\" class=\"h-global-transition-all h-heading style-1926 style-local-3507-c36 position-relative h-element\">\n                  <!---->\n                  <div class=\"h-heading__outer style-1926 style-local-3507-c36\">\n                    <!---->\n                    <!---->\n                    <h4 class=\"\">Petition<\/h4>\n                  <\/div>\n                <\/div>\n                <div data-colibri-id=\"3507-c37\" class=\"h-text h-text-component style-1927 style-local-3507-c37 position-relative h-element\">\n                  <!---->\n                  <!---->\n                  <div class=\"\">\n                    <p>Signez la p\u00e9tition&nbsp;adress\u00e9e aux instances d&rsquo;\u00e9tat (DRAC, Pr\u00e9fecture) pour obtenir la r\u00e9ouverture au public de ce jardin magnifique.\n                      <br>\n                    <\/p>\n                  <\/div>\n                <\/div>\n                <div data-colibri-id=\"3507-c38\" class=\"h-x-container style-1928 style-local-3507-c38 position-relative h-element\">\n                  <!---->\n                  <div class=\"h-x-container-inner style-dynamic-3507-c38-group style-1928-spacing style-local-3507-c38-spacing\"><span class=\"h-button__outer style-1929-outer style-local-3507-c39-outer d-inline-flex h-element\"><a h-use-smooth-scroll=\"true\" href=\"https:\/\/www.change.org\/p\/drac-pour-la-r%C3%A9ouverture-du-parc-du-palais-du-rhin\" target=\"_blank\" data-colibri-id=\"3507-c39\" class=\"d-flex w-100 align-items-center h-button justify-content-lg-center justify-content-md-center justify-content-center style-1929 style-local-3507-c39 position-relative\" rel=\"noopener\"><!----><!----> <span>Signer la p\u00e9tition<\/span><\/a>\n                    <\/span>\n                  <\/div>\n                <\/div>\n              <\/div>\n            <\/div>\n          <\/div>\n        <\/div>\n      <\/div>\n    <\/div>\n  <\/div>\n  <div data-colibri-component=\"section\" data-colibri-id=\"3507-c44\" id=\"features-2\" class=\"h-section h-section-global-spacing d-flex align-items-lg-center align-items-md-center align-items-center style-2089 style-local-3507-c44 position-relative\">\n    <!---->\n    <!---->\n    <div class=\"h-section-grid-container h-section-boxed-container\">\n      <div data-colibri-id=\"3507-c66\" class=\"h-row-container gutters-row-lg-2 gutters-row-md-2 gutters-row-0 gutters-row-v-lg-2 gutters-row-v-md-2 gutters-row-v-2 style-2099 style-local-3507-c66 position-relative\">\n        <!---->\n        <div class=\"h-row justify-content-lg-center justify-content-md-center justify-content-center align-items-lg-stretch align-items-md-stretch align-items-stretch gutters-col-lg-2 gutters-col-md-2 gutters-col-0 gutters-col-v-lg-2 gutters-col-v-md-2 gutters-col-v-2\">\n          <!---->\n          <div class=\"h-column h-column-container d-flex h-col-lg-auto h-col-md-auto h-col-auto style-2100-outer style-local-3507-c67-outer\">\n            <div data-colibri-id=\"3507-c67\" class=\"d-flex h-flex-basis h-column__inner h-px-lg-2 h-px-md-2 h-px-2 v-inner-lg-2 v-inner-md-2 v-inner-2 style-2100 style-local-3507-c67 position-relative\">\n              <!---->\n              <!---->\n              <div class=\"w-100 h-y-container h-column__content h-column__v-align flex-basis-100 align-self-lg-start align-self-md-start align-self-start\">\n                <!---->\n                <div data-colibri-id=\"3507-c68\" class=\"h-global-transition-all h-heading style-2101 style-local-3507-c68 position-relative h-element\">\n                  <!---->\n                  <div class=\"h-heading__outer style-2101 style-local-3507-c68\">\n                    <!---->\n                    <!---->\n                    <h2 class=\"\">Rassemblement du 9 septembre 2022<\/h2>\n                  <\/div>\n                <\/div>\n                <div data-colibri-id=\"3507-c69\" class=\"h-lead h-text h-text-component style-2102 style-local-3507-c69 position-relative h-element\">\n                  <!---->\n                  <!---->\n                  <div class=\"\">\n                    <p>A l&rsquo;initiative de 4 associations du quartier, une petite centaine de riverains s&rsquo;est&nbsp;retrouv\u00e9e devant le Palais du Rhin pour r\u00e9clamer la r\u00e9ouverture de ce beau jardin. Nous avons eu le soutien des \u00e9lus de tous les horizons politiques,\n                      avant qu&rsquo;une d\u00e9l\u00e9gation de nos 4 associations soit re\u00e7ue&nbsp; par la direction de la DRAC.\n                      <br>\n                    <\/p>\n                  <\/div>\n                <\/div>\n              <\/div>\n            <\/div>\n          <\/div>\n        <\/div>\n      <\/div>\n      <div data-colibri-id=\"3507-c45\" class=\"h-row-container gutters-row-lg-2 gutters-row-md-2 gutters-row-2 gutters-row-v-lg-2 gutters-row-v-md-2 gutters-row-v-2 style-2090 style-local-3507-c45 position-relative\">\n        <!---->\n        <div class=\"h-row justify-content-lg-center justify-content-md-center justify-content-center align-items-lg-stretch align-items-md-stretch align-items-stretch gutters-col-lg-2 gutters-col-md-2 gutters-col-2 gutters-col-v-lg-2 gutters-col-v-md-2 gutters-col-v-2\">\n          <!---->\n          <div class=\"h-column h-column-container d-flex h-col-lg-4 h-col-md-6 h-col-12 style-2091-outer style-local-3507-c46-outer\">\n            <div data-colibri-id=\"3507-c46\" class=\"d-flex h-flex-basis h-column__inner h-px-lg-0 h-px-md-0 h-px-0 v-inner-lg-0 v-inner-md-0 v-inner-0 style-2091 style-local-3507-c46 position-relative\">\n              <!---->\n              <!---->\n              <div class=\"w-100 h-y-container h-column__content h-column__v-align flex-basis-100 align-self-lg-start align-self-md-start align-self-start\">\n                <!---->\n                <div data-colibri-id=\"3507-c47\" class=\"d-block style-2092 style-local-3507-c47 position-relative h-element\">\n                  <!---->\n                  <div class=\"h-image__frame-container-outer\">\n                    <div class=\"h-image__frame-container\">\n                      <!---->\n                      <!---->\n                      <img loading=\"lazy\" decoding=\"async\" width=\"2480\" height=\"1701\" src=\"http:\/\/quartiervosges.fr\/wp-content\/uploads\/2022\/09\/Mobilisons-nous.jpg\" class=\"wp-image-3984 style-2092-image style-local-3507-c47-image\" alt=\"\" srcset=\"https:\/\/quartiervosges.fr\/wp-content\/uploads\/2022\/09\/Mobilisons-nous.jpg 2480w, https:\/\/quartiervosges.fr\/wp-content\/uploads\/2022\/09\/Mobilisons-nous-300x206.jpg 300w, https:\/\/quartiervosges.fr\/wp-content\/uploads\/2022\/09\/Mobilisons-nous-1024x702.jpg 1024w, https:\/\/quartiervosges.fr\/wp-content\/uploads\/2022\/09\/Mobilisons-nous-768x527.jpg 768w, https:\/\/quartiervosges.fr\/wp-content\/uploads\/2022\/09\/Mobilisons-nous-1536x1054.jpg 1536w, https:\/\/quartiervosges.fr\/wp-content\/uploads\/2022\/09\/Mobilisons-nous-2048x1405.jpg 2048w\" sizes=\"auto, (max-width: 2480px) 100vw, 2480px\" \/>\n                      <div class=\"h-image__frame h-hide-lg h-hide-md h-hide-sm style-2092-frameImage style-local-3507-c47-frameImage\"><\/div>\n                    <\/div>\n                  <\/div>\n                <\/div>\n                <div data-colibri-id=\"3507-c48\" class=\"h-row-container gutters-row-lg-0 gutters-row-md-0 gutters-row-2 gutters-row-v-lg-0 gutters-row-v-md-0 gutters-row-v-2 style-2093 style-local-3507-c48 position-relative\">\n                  <!---->\n                  <div class=\"h-row justify-content-lg-center justify-content-md-center justify-content-center align-items-lg-stretch align-items-md-stretch align-items-stretch gutters-col-lg-0 gutters-col-md-0 gutters-col-2 gutters-col-v-lg-0 gutters-col-v-md-0 gutters-col-v-2\">\n                    <!---->\n                    <div class=\"h-column h-column-container d-flex h-col-lg-auto h-col-md-auto h-col-auto style-2094-outer style-local-3507-c49-outer\">\n                      <div data-colibri-id=\"3507-c49\" class=\"d-flex h-flex-basis h-column__inner h-px-lg-2 h-px-md-3 h-px-2 v-inner-lg-2 v-inner-md-3 v-inner-2 style-2094 style-local-3507-c49 position-relative\">\n                        <!---->\n                        <!---->\n                        <div class=\"w-100 h-y-container h-column__content h-column__v-align flex-basis-100 align-self-lg-start align-self-md-start align-self-start\">\n                          <!---->\n                          <div data-colibri-id=\"3507-c50\" class=\"h-global-transition-all h-heading style-2095 style-local-3507-c50 position-relative h-element\">\n                            <!---->\n                            <div class=\"h-heading__outer style-2095 style-local-3507-c50\">\n                              <!---->\n                              <!---->\n                              <h4 class=\"\">Un rassemblement amical <\/h4>\n                            <\/div>\n                          <\/div>\n                          <div data-colibri-id=\"3507-c51\" class=\"h-text h-text-component style-2096 style-local-3507-c51 position-relative h-element\">\n                            <!---->\n                            <!---->\n                            <div class=\"\">\n                              <p>La r\u00e9ouverture de ce jardin est n\u00e9cessaire pour apporter \u00e0 la Neustadt, le quartier du centre le plus&nbsp;dens\u00e9ment peupl\u00e9e, des&nbsp;lieux o\u00f9 une vie sociale est possible. C&rsquo;est \u00e9galement n\u00e9cessaire afin de faire face aux\n                                changements climatiques. On doit permettre \u00e0 tous d&rsquo;acc\u00e9der aux \u00eelots de fra\u00eecheurs, en particulier les personnes les plus fragiles.\n                                <br>\n                              <\/p>\n                            <\/div>\n                          <\/div>\n                        <\/div>\n                      <\/div>\n                    <\/div>\n                  <\/div>\n                <\/div>\n              <\/div>\n            <\/div>\n          <\/div>\n          <div class=\"h-column h-column-container d-flex h-col-lg-4 h-col-md-6 h-col-12 style-2091-outer style-local-3507-c52-outer\">\n            <div data-colibri-id=\"3507-c52\" class=\"d-flex h-flex-basis h-column__inner h-px-lg-0 h-px-md-0 h-px-0 v-inner-lg-0 v-inner-md-0 v-inner-0 style-2091 style-local-3507-c52 position-relative\">\n              <!---->\n              <!---->\n              <div class=\"w-100 h-y-container h-column__content h-column__v-align flex-basis-100 align-self-lg-start align-self-md-start align-self-start\">\n                <!---->\n                <div data-colibri-id=\"3507-c53\" class=\"d-block style-2092 style-local-3507-c53 position-relative h-element\">\n                  <!---->\n                  <div class=\"h-image__frame-container-outer\">\n                    <div class=\"h-image__frame-container\">\n                      <!---->\n                      <!---->\n                      <img loading=\"lazy\" decoding=\"async\" width=\"1500\" height=\"1352\" src=\"http:\/\/quartiervosges.fr\/wp-content\/uploads\/2022\/09\/cropped-palais-du-Rhin-FB-sd1.jpg\" class=\"wp-image-4013 style-2092-image style-local-3507-c53-image\" alt=\"\" srcset=\"https:\/\/quartiervosges.fr\/wp-content\/uploads\/2022\/09\/cropped-palais-du-Rhin-FB-sd1.jpg 1500w, https:\/\/quartiervosges.fr\/wp-content\/uploads\/2022\/09\/cropped-palais-du-Rhin-FB-sd1-300x270.jpg 300w, https:\/\/quartiervosges.fr\/wp-content\/uploads\/2022\/09\/cropped-palais-du-Rhin-FB-sd1-1024x923.jpg 1024w, https:\/\/quartiervosges.fr\/wp-content\/uploads\/2022\/09\/cropped-palais-du-Rhin-FB-sd1-768x692.jpg 768w\" sizes=\"auto, (max-width: 1500px) 100vw, 1500px\" \/>\n                      <div class=\"h-image__frame h-hide-lg h-hide-md h-hide-sm style-2092-frameImage style-local-3507-c53-frameImage\"><\/div>\n                    <\/div>\n                  <\/div>\n                <\/div>\n                <div data-colibri-id=\"3507-c54\" class=\"h-row-container gutters-row-lg-0 gutters-row-md-0 gutters-row-2 gutters-row-v-lg-0 gutters-row-v-md-0 gutters-row-v-2 style-2093 style-local-3507-c54 position-relative\">\n                  <!---->\n                  <div class=\"h-row justify-content-lg-center justify-content-md-center justify-content-center align-items-lg-stretch align-items-md-stretch align-items-stretch gutters-col-lg-0 gutters-col-md-0 gutters-col-2 gutters-col-v-lg-0 gutters-col-v-md-0 gutters-col-v-2\">\n                    <!---->\n                    <div class=\"h-column h-column-container d-flex h-col-lg-auto h-col-md-auto h-col-auto style-2094-outer style-local-3507-c55-outer\">\n                      <div data-colibri-id=\"3507-c55\" class=\"d-flex h-flex-basis h-column__inner h-px-lg-2 h-px-md-3 h-px-2 v-inner-lg-2 v-inner-md-3 v-inner-2 style-2094 style-local-3507-c55 position-relative\">\n                        <!---->\n                        <!---->\n                        <div class=\"w-100 h-y-container h-column__content h-column__v-align flex-basis-100 align-self-lg-start align-self-md-start align-self-start\">\n                          <!---->\n                          <div data-colibri-id=\"3507-c56\" class=\"h-global-transition-all h-heading style-2095 style-local-3507-c56 position-relative h-element\">\n                            <!---->\n                            <div class=\"h-heading__outer style-2095 style-local-3507-c56\">\n                              <!---->\n                              <!---->\n                              <h4 class=\"\">Une unanimit\u00e9 rare<\/h4>\n                            <\/div>\n                          <\/div>\n                          <div data-colibri-id=\"3507-c57\" class=\"h-text h-text-component style-2096 style-local-3507-c57 position-relative h-element\">\n                            <!---->\n                            <!---->\n                            <div class=\"\">\n                              <p>&nbsp;Les personnalit\u00e9s politiques en pr\u00e9sence , notamment A. Fontanel, JP. Vetter et plusieurs \u00e9lu(e)s&nbsp;de la Municipalit\u00e9&nbsp;, ont clairement exprim\u00e9 leur soutien en faveur d&rsquo;une ouverture.<\/p>\n                              <p>Le conseil municipal a vot\u00e9 dans l&rsquo;unanimit\u00e9 un texte pour obtenir la r\u00e9ouverture avec les garanties pour la s\u00e9curit\u00e9 du personnel travaillant au Palais.\n                                <br>\n                              <\/p>\n                              <p>\n                                <br>\n                              <\/p>\n                              <p>\n                                <br>\n                              <\/p>\n                            <\/div>\n                          <\/div>\n                        <\/div>\n                      <\/div>\n                    <\/div>\n                  <\/div>\n                <\/div>\n              <\/div>\n            <\/div>\n          <\/div>\n          <div class=\"h-column h-column-container d-flex h-col-lg-4 h-col-md-6 h-col-12 style-2091-outer style-local-3507-c58-outer\">\n            <div data-colibri-id=\"3507-c58\" class=\"d-flex h-flex-basis h-column__inner h-px-lg-0 h-px-md-0 h-px-0 v-inner-lg-0 v-inner-md-0 v-inner-0 style-2091 style-local-3507-c58 position-relative\">\n              <!---->\n              <!---->\n              <div class=\"w-100 h-y-container h-column__content h-column__v-align flex-basis-100 align-self-lg-start align-self-md-start align-self-start\">\n                <!---->\n                <div data-colibri-id=\"3507-c59\" class=\"d-block style-2092 style-local-3507-c59 position-relative h-element\">\n                  <!---->\n                  <div class=\"h-image__frame-container-outer\">\n                    <div class=\"h-image__frame-container\">\n                      <!---->\n                      <!---->\n                      <img loading=\"lazy\" decoding=\"async\" width=\"1024\" height=\"768\" src=\"http:\/\/quartiervosges.fr\/wp-content\/uploads\/2022\/09\/associations-sur-le-perron.jpg\" class=\"wp-image-4004 style-2092-image style-local-3507-c59-image\" alt=\"\" srcset=\"https:\/\/quartiervosges.fr\/wp-content\/uploads\/2022\/09\/associations-sur-le-perron.jpg 1024w, https:\/\/quartiervosges.fr\/wp-content\/uploads\/2022\/09\/associations-sur-le-perron-300x225.jpg 300w, https:\/\/quartiervosges.fr\/wp-content\/uploads\/2022\/09\/associations-sur-le-perron-768x576.jpg 768w\" sizes=\"auto, (max-width: 1024px) 100vw, 1024px\" \/>\n                      <div class=\"h-image__frame h-hide-lg h-hide-md h-hide-sm style-2092-frameImage style-local-3507-c59-frameImage\"><\/div>\n                    <\/div>\n                  <\/div>\n                <\/div>\n                <div data-colibri-id=\"3507-c60\" class=\"h-row-container gutters-row-lg-0 gutters-row-md-0 gutters-row-2 gutters-row-v-lg-0 gutters-row-v-md-0 gutters-row-v-2 style-2093 style-local-3507-c60 position-relative\">\n                  <!---->\n                  <div class=\"h-row justify-content-lg-center justify-content-md-center justify-content-center align-items-lg-stretch align-items-md-stretch align-items-stretch gutters-col-lg-0 gutters-col-md-0 gutters-col-2 gutters-col-v-lg-0 gutters-col-v-md-0 gutters-col-v-2\">\n                    <!---->\n                    <div class=\"h-column h-column-container d-flex h-col-lg-auto h-col-md-auto h-col-auto style-2094-outer style-local-3507-c61-outer\">\n                      <div data-colibri-id=\"3507-c61\" class=\"d-flex h-flex-basis h-column__inner h-px-lg-2 h-px-md-3 h-px-2 v-inner-lg-2 v-inner-md-3 v-inner-2 style-2094 style-local-3507-c61 position-relative\">\n                        <!---->\n                        <!---->\n                        <div class=\"w-100 h-y-container h-column__content h-column__v-align flex-basis-100 align-self-lg-start align-self-md-start align-self-start\">\n                          <!---->\n                          <div data-colibri-id=\"3507-c62\" class=\"h-global-transition-all h-heading style-2095 style-local-3507-c62 position-relative h-element\">\n                            <!---->\n                            <div class=\"h-heading__outer style-2095 style-local-3507-c62\">\n                              <!---->\n                              <!---->\n                              <h4 class=\"\">R\u00e9ception \u00e0 la DRAC<\/h4>\n                            <\/div>\n                          <\/div>\n                          <div data-colibri-id=\"3507-c63\" class=\"h-text h-text-component style-2096 style-local-3507-c63 position-relative h-element\">\n                            <!---->\n                            <!---->\n                            <div class=\"\">\n                              <p>Les responsables des 4 associations ont \u00e9t\u00e9 r\u00e9cu par la Direction de la Drac. Nous devons ensemble identifier les vrais points critiques en terme de s\u00e9curit\u00e9. La marie a d&rsquo;ores et d\u00e9j\u00e0 soumis un projet de convention pour\n                                assurer entre autres l&rsquo;entretien des espaces verts qui devient urgent, et la s\u00e9curit\u00e9 \u00e0 l&rsquo;entr\u00e9e du jardin.\n                                <br>\n                              <\/p>\n                              <p>A ce jour, nous intervenons aupr\u00e8s des minist\u00e8res de tutelle afin de trouver une solution au blocage incompr\u00e9hensible.&nbsp; Le contenu des courriers de des voeux pour 2023 est claire.<\/p>\n                              <p>Rouvrez les portes du Jardin!&nbsp; &nbsp; &nbsp;\n                                <br>\n                              <\/p>\n                            <\/div>\n                          <\/div>\n                        <\/div>\n                      <\/div>\n                    <\/div>\n                  <\/div>\n                <\/div>\n                <div data-colibri-id=\"3507-c64\" class=\"h-x-container style-2097 style-local-3507-c64 position-relative h-element\">\n                  <!---->\n                  <div class=\"h-x-container-inner style-dynamic-3507-c64-group style-2097-spacing style-local-3507-c64-spacing\"><span class=\"h-link__outer style-2098-outer style-local-3507-c65-outer d-inline-flex h-element\"><a h-use-smooth-scroll=\"true\" href=\"http:\/\/quartiervosges.fr\/wp-content\/uploads\/2022\/12\/Rouvrez-les-portes-du-jardin-du-palais-du-Rhin.jpg\"  data-colibri-id=\"3507-c65\" class=\"d-flex w-100 align-items-center h-link style-2098 style-local-3507-c65 position-relative\"><!----><!----> <span>Voir la carte<\/span>                    <span class=\"h-svg-icon h-link__icon style-2098-icon style-local-3507-c65-icon\"><!--Icon by Icons8 Line Awesome (https:\/\/icons8.com\/line-awesome)--><svg version=\"1.1\" xmlns=\"http:\/\/www.w3.org\/2000\/svg\" xmlns:xlink=\"http:\/\/www.w3.org\/1999\/xlink\" id=\"angle-double-right\" viewBox=\"0 0 512 545.5\"><path d=\"M145.5 108.5l168 168L325 288l-11.5 11.5-168 168-22.5-23L279.5 288 123 131.5zm112 0l168 168L437 288l-11.5 11.5-168 168-22.5-23L391.5 288 235 131.5z\"><\/path><\/svg><\/span><\/a>\n                    <\/span>\n                  <\/div>\n                <\/div>\n              <\/div>\n            <\/div>\n          <\/div>\n        <\/div>\n      <\/div>\n    <\/div>\n  <\/div>\n  <div data-colibri-component=\"section\" data-colibri-id=\"3507-c70\" id=\"custom\" class=\"h-section h-section-global-spacing d-flex align-items-lg-center align-items-md-center align-items-center style-2383 style-local-3507-c70 position-relative\">\n    <!---->\n    <!---->\n    <div class=\"h-section-grid-container h-section-boxed-container\">\n      <!---->\n      <div data-colibri-id=\"3507-c71\" class=\"h-row-container gutters-row-lg-1 gutters-row-md-1 gutters-row-0 gutters-row-v-lg-1 gutters-row-v-md-1 gutters-row-v-1 style-2387 style-local-3507-c71 position-relative\">\n        <!---->\n        <div class=\"h-row justify-content-lg-center justify-content-md-center justify-content-center align-items-lg-stretch align-items-md-stretch align-items-stretch gutters-col-lg-1 gutters-col-md-1 gutters-col-0 gutters-col-v-lg-1 gutters-col-v-md-1 gutters-col-v-1\">\n          <!---->\n          <div class=\"h-column h-column-container d-flex h-col-lg-auto h-col-md-auto h-col-auto style-2388-outer style-local-3507-c72-outer\">\n            <div data-colibri-id=\"3507-c72\" class=\"d-flex h-flex-basis h-column__inner h-px-lg-2 h-px-md-2 h-px-2 v-inner-lg-2 v-inner-md-2 v-inner-2 style-2388 style-local-3507-c72 position-relative\">\n              <!---->\n              <!---->\n              <div class=\"w-100 h-y-container h-column__content h-column__v-align flex-basis-100 align-self-lg-start align-self-md-start align-self-start\">\n                <!---->\n                <div data-colibri-id=\"3507-c73\" class=\"h-global-transition-all h-heading style-2390 style-local-3507-c73 position-relative h-element\">\n                  <!---->\n                  <div class=\"h-heading__outer style-2390 style-local-3507-c73\">\n                    <!---->\n                    <!---->\n                    <h2 class=\"\">La presse en parle<\/h2>\n                  <\/div>\n                <\/div>\n              <\/div>\n            <\/div>\n          <\/div>\n        <\/div>\n      <\/div>\n      <div data-colibri-id=\"3507-c74\" class=\"h-row-container gutters-row-lg-2 gutters-row-md-2 gutters-row-0 gutters-row-v-lg-2 gutters-row-v-md-2 gutters-row-v-2 style-2384 style-local-3507-c74 position-relative\">\n        <!---->\n        <div class=\"h-row justify-content-lg-center justify-content-md-center justify-content-center align-items-lg-stretch align-items-md-stretch align-items-stretch gutters-col-lg-2 gutters-col-md-2 gutters-col-0 gutters-col-v-lg-2 gutters-col-v-md-2 gutters-col-v-2\">\n          <!---->\n          <div class=\"h-column h-column-container d-flex h-col-lg-auto h-col-md-auto h-col-auto style-2385-outer style-local-3507-c75-outer\">\n            <div data-colibri-id=\"3507-c75\" class=\"d-flex h-flex-basis h-column__inner h-px-lg-2 h-px-md-2 h-px-2 v-inner-lg-2 v-inner-md-2 v-inner-2 style-2385 style-local-3507-c75 position-relative\">\n              <!---->\n              <!---->\n              <div class=\"w-100 h-y-container h-column__content h-column__v-align flex-basis-100 align-self-lg-start align-self-md-start align-self-start\">\n                <!---->\n                <div data-colibri-id=\"3507-c76\" class=\"h-text h-text-component style-2394 style-local-3507-c76 position-relative h-element\">\n                  <!---->\n                  <!---->\n                  <div class=\"\">\n                    <h1>Le rassemblement a eu lieu en semaine, un jour ouvrable afin qu&rsquo;une les pr\u00e9sident(e)s des associations puissent \u00eatre re\u00e7u(e)sar la direction de la DRAC. Pour un petit rassemblement de quartier la couverture m\u00e9diatique&nbsp;\u00e9tait exceptionnel.<\/h1>\n                    <p>\n                      <br>\n                    <\/p>\n                  <\/div>\n                <\/div>\n              <\/div>\n            <\/div>\n          <\/div>\n        <\/div>\n      <\/div>\n    <\/div>\n  <\/div>\n  <div data-colibri-component=\"section\" data-colibri-id=\"3507-c77\" id=\"custom-2\" class=\"h-section h-section-global-spacing d-flex align-items-lg-start align-items-md-start align-items-start style-2417 style-local-3507-c77 position-relative\">\n    <!---->\n    <!---->\n    <div class=\"h-section-grid-container h-section-boxed-container\">\n      <!---->\n      <div data-colibri-id=\"3507-c78\" class=\"h-row-container gutters-row-lg-2 gutters-row-md-2 gutters-row-0 gutters-row-v-lg-2 gutters-row-v-md-2 gutters-row-v-2 style-2418 style-local-3507-c78 position-relative\">\n        <!---->\n        <div class=\"h-row justify-content-lg-center justify-content-md-center justify-content-center align-items-lg-stretch align-items-md-stretch align-items-stretch gutters-col-lg-2 gutters-col-md-2 gutters-col-0 gutters-col-v-lg-2 gutters-col-v-md-2 gutters-col-v-2\">\n          <!---->\n          <div class=\"h-column h-column-container d-flex h-col-lg-auto h-col-md-auto h-col-auto style-2419-outer style-local-3507-c79-outer\">\n            <div data-colibri-id=\"3507-c79\" class=\"d-flex h-flex-basis h-column__inner h-px-lg-2 h-px-md-2 h-px-2 v-inner-lg-2 v-inner-md-2 v-inner-2 style-2419 style-local-3507-c79 position-relative\">\n              <!---->\n              <!---->\n              <div class=\"w-100 h-y-container h-column__content h-column__v-align flex-basis-100 align-self-lg-start align-self-md-start align-self-start\">\n                <!---->\n                <div data-colibri-id=\"3507-c80\" class=\"h-x-container style-2425 style-local-3507-c80 position-relative h-element\">\n                  <!---->\n                  <div class=\"h-x-container-inner style-dynamic-3507-c80-group style-2425-spacing style-local-3507-c80-spacing\"><span class=\"h-link__outer style-2426-outer style-local-3507-c81-outer d-inline-flex h-element\"><a h-use-smooth-scroll=\"true\" href=\"https:\/\/www.rue89strasbourg.com\/manifestation-reouverture-jardin-palais-rhin-244443\" target=\"_blank\" data-colibri-id=\"3507-c81\" class=\"d-flex w-100 align-items-center h-link style-2426 style-local-3507-c81 position-relative\" rel=\"noopener\"><!----><span  class=\"h-svg-icon h-link__icon style-2426-icon style-local-3507-c81-icon\"><!--Icon by Font Awesome (https:\/\/fontawesome.com)-->\n    <svg version=\"1.1\" xmlns=\"http:\/\/www.w3.org\/2000\/svg\" xmlns:xlink=\"http:\/\/www.w3.org\/1999\/xlink\" id=\"align-justify\" viewBox=\"0 0 1792 1896.0833\">\n      <path d=\"M1792 1344v128q0 26-19 45t-45 19H64q-26 0-45-19t-19-45v-128q0-26 19-45t45-19h1664q26 0 45 19t19 45zm0-384v128q0 26-19 45t-45 19H64q-26 0-45-19t-19-45V960q0-26 19-45t45-19h1664q26 0 45 19t19 45zm0-384v128q0 26-19 45t-45 19H64q-26 0-45-19T0 704V576q0-26 19-45t45-19h1664q26 0 45 19t19 45zm0-384v128q0 26-19 45t-45 19H64q-26 0-45-19T0 320V192q0-26 19-45t45-19h1664q26 0 45 19t19 45z\"><\/path>\n    <\/svg><\/span> <span>Rue 89<\/span><\/a>\n                    <\/span>\n                  <\/div>\n                <\/div>\n              <\/div>\n            <\/div>\n          <\/div>\n          <div class=\"h-column h-column-container d-flex h-col-lg-auto h-col-md-auto h-col-auto style-2420-outer style-local-3507-c82-outer\">\n            <div data-colibri-id=\"3507-c82\" class=\"d-flex h-flex-basis h-column__inner h-px-lg-2 h-px-md-2 h-px-2 v-inner-lg-2 v-inner-md-2 v-inner-2 style-2420 style-local-3507-c82 position-relative\">\n              <!---->\n              <!---->\n              <div class=\"w-100 h-y-container h-column__content h-column__v-align flex-basis-100 align-self-lg-start align-self-md-start align-self-start\">\n                <!---->\n                <div data-colibri-id=\"3507-c83\" class=\"h-x-container style-2427 style-local-3507-c83 position-relative h-element\">\n                  <!---->\n                  <div class=\"h-x-container-inner style-dynamic-3507-c83-group style-2427-spacing style-local-3507-c83-spacing\"><span class=\"h-link__outer style-2428-outer style-local-3507-c84-outer d-inline-flex h-element\"><a h-use-smooth-scroll=\"true\" href=\"https:\/\/youtu.be\/h3vgqS6m2Og\" target=\"_blank\" data-colibri-id=\"3507-c84\" class=\"d-flex w-100 align-items-center h-link style-2428 style-local-3507-c84 position-relative\" rel=\"noopener\"><!----><span  class=\"h-svg-icon h-link__icon style-2428-icon style-local-3507-c84-icon\"><!--Icon by Font Awesome (https:\/\/fontawesome.com)-->\n    <svg version=\"1.1\" xmlns=\"http:\/\/www.w3.org\/2000\/svg\" xmlns:xlink=\"http:\/\/www.w3.org\/1999\/xlink\" id=\"book\" viewBox=\"0 0 1664 1896.0833\">\n      <path d=\"M1639 478q40 57 18 129l-275 906q-19 64-76.5 107.5T1183 1664H260q-77 0-148.5-53.5T12 1479q-24-67-2-127 0-4 3-27t4-37q1-8-3-21.5t-3-19.5q2-11 8-21t16.5-23.5T52 1179q23-38 45-91.5t30-91.5q3-10 .5-30t-.5-28q3-11 17-28t17-23q21-36 42-92t25-90q1-9-2.5-32t.5-28q4-13 22-30.5t22-22.5q19-26 42.5-84.5T340 411q1-8-3-25.5t-2-26.5q2-8 9-18t18-23 17-21q8-12 16.5-30.5t15-35 16-36 19.5-32 26.5-23.5 36-11.5T556 134l-1 3q38-9 51-9h761q74 0 114 56t18 130l-274 906q-36 119-71.5 153.5T1025 1408H156q-27 0-38 15-11 16-1 43 24 70 144 70h923q29 0 56-15.5t35-41.5l300-987q7-22 5-57 38 15 59 43zm-1064 2q-4 13 2 22.5t20 9.5h608q13 0 25.5-9.5T1247 480l21-64q4-13-2-22.5t-20-9.5H638q-13 0-25.5 9.5T596 416zm-83 256q-4 13 2 22.5t20 9.5h608q13 0 25.5-9.5T1164 736l21-64q4-13-2-22.5t-20-9.5H555q-13 0-25.5 9.5T513 672z\"><\/path>\n    <\/svg><\/span> <span>Stras TV<\/span><\/a>\n                    <\/span>\n                  <\/div>\n                <\/div>\n              <\/div>\n            <\/div>\n          <\/div>\n          <div class=\"h-column h-column-container d-flex h-col-lg-auto h-col-md-auto h-col-auto style-2421-outer style-local-3507-c85-outer\">\n            <div data-colibri-id=\"3507-c85\" class=\"d-flex h-flex-basis h-column__inner h-px-lg-2 h-px-md-2 h-px-2 v-inner-lg-2 v-inner-md-2 v-inner-2 style-2421 style-local-3507-c85 position-relative\">\n              <!---->\n              <!---->\n              <div class=\"w-100 h-y-container h-column__content h-column__v-align flex-basis-100 align-self-lg-start align-self-md-start align-self-start\">\n                <!---->\n                <div data-colibri-id=\"3507-c86\" class=\"h-x-container style-2429 style-local-3507-c86 position-relative h-element\">\n                  <!---->\n                  <div class=\"h-x-container-inner style-dynamic-3507-c86-group style-2429-spacing style-local-3507-c86-spacing\"><span class=\"h-link__outer style-2430-outer style-local-3507-c87-outer d-inline-flex h-element\"><a h-use-smooth-scroll=\"true\" href=\"https:\/\/www.bfmtv.com\/alsace\/replay-emissions\/bonjour-l-alsace\/strasbourg-ils-demandent-la-reouverture-du-parc-du-palais-du-rhin_VN-202209100145.html\" target=\"_blank\" data-colibri-id=\"3507-c87\" class=\"d-flex w-100 align-items-center h-link style-2430 style-local-3507-c87 position-relative\" rel=\"noopener\"><!----><span  class=\"h-svg-icon h-link__icon style-2430-icon style-local-3507-c87-icon\"><!--Icon by Font Awesome (https:\/\/fontawesome.com)-->\n    <svg version=\"1.1\" xmlns=\"http:\/\/www.w3.org\/2000\/svg\" xmlns:xlink=\"http:\/\/www.w3.org\/1999\/xlink\" id=\"television\" viewBox=\"0 0 2048 1896.0833\">\n      <path d=\"M1792 1248V288q0-13-9.5-22.5T1760 256H160q-13 0-22.5 9.5T128 288v960q0 13 9.5 22.5t22.5 9.5h1600q13 0 22.5-9.5t9.5-22.5zm128-960v960q0 66-47 113t-113 47h-736v128h352q14 0 23 9t9 23v64q0 14-9 23t-23 9H544q-14 0-23-9t-9-23v-64q0-14 9-23t23-9h352v-128H160q-66 0-113-47T0 1248V288q0-66 47-113t113-47h1600q66 0 113 47t47 113z\"><\/path>\n    <\/svg><\/span> <span>BFM<\/span><\/a>\n                    <\/span>\n                  <\/div>\n                <\/div>\n              <\/div>\n            <\/div>\n          <\/div>\n          <div class=\"h-column h-column-container d-flex h-col-lg-auto h-col-md-auto h-col-auto style-2422-outer style-local-3507-c88-outer\">\n            <div data-colibri-id=\"3507-c88\" class=\"d-flex h-flex-basis h-column__inner h-px-lg-2 h-px-md-2 h-px-2 v-inner-lg-2 v-inner-md-2 v-inner-2 style-2422 style-local-3507-c88 position-relative\">\n              <!---->\n              <!---->\n              <div class=\"w-100 h-y-container h-column__content h-column__v-align flex-basis-100 align-self-lg-start align-self-md-start align-self-start\">\n                <!---->\n                <div data-colibri-id=\"3507-c89\" class=\"h-x-container style-2431 style-local-3507-c89 position-relative h-element\">\n                  <!---->\n                  <div class=\"h-x-container-inner style-dynamic-3507-c89-group style-2431-spacing style-local-3507-c89-spacing\"><span class=\"h-link__outer style-2432-outer style-local-3507-c90-outer d-inline-flex h-element\"><a h-use-smooth-scroll=\"true\" href=\"http:\/\/quartiervosges.fr\/wp-content\/uploads\/2022\/09\/dna-du-10-sept-septembre-2022-scaled.jpg\" target=\"_blank\" data-colibri-id=\"3507-c90\" class=\"d-flex w-100 align-items-center h-link style-2432 style-local-3507-c90 position-relative\" rel=\"noopener\"><!----><span  class=\"h-svg-icon h-link__icon style-2432-icon style-local-3507-c90-icon\"><!--Icon by Font Awesome (https:\/\/fontawesome.com)-->\n    <svg version=\"1.1\" xmlns=\"http:\/\/www.w3.org\/2000\/svg\" xmlns:xlink=\"http:\/\/www.w3.org\/1999\/xlink\" id=\"navicon\" viewBox=\"0 0 1536 1896.0833\">\n      <path d=\"M1536 1344v128q0 26-19 45t-45 19H64q-26 0-45-19t-19-45v-128q0-26 19-45t45-19h1408q26 0 45 19t19 45zm0-512v128q0 26-19 45t-45 19H64q-26 0-45-19T0 960V832q0-26 19-45t45-19h1408q26 0 45 19t19 45zm0-512v128q0 26-19 45t-45 19H64q-26 0-45-19T0 448V320q0-26 19-45t45-19h1408q26 0 45 19t19 45z\"><\/path>\n    <\/svg><\/span> <span>DNA<\/span><\/a>\n                    <\/span>\n                  <\/div>\n                <\/div>\n              <\/div>\n            <\/div>\n          <\/div>\n          <div class=\"h-column h-column-container d-flex h-col-lg-auto h-col-md-auto h-col-auto style-2423-outer style-local-3507-c91-outer\">\n            <div data-colibri-id=\"3507-c91\" class=\"d-flex h-flex-basis h-column__inner h-px-lg-2 h-px-md-2 h-px-2 v-inner-lg-2 v-inner-md-2 v-inner-2 style-2423 style-local-3507-c91 position-relative\">\n              <!---->\n              <!---->\n              <div class=\"w-100 h-y-container h-column__content h-column__v-align flex-basis-100 align-self-lg-start align-self-md-start align-self-start\">\n                <!---->\n                <div data-colibri-id=\"3507-c92\" class=\"h-x-container style-2433 style-local-3507-c92 position-relative h-element\">\n                  <!---->\n                  <div class=\"h-x-container-inner style-dynamic-3507-c92-group style-2433-spacing style-local-3507-c92-spacing\"><span class=\"h-link__outer style-2434-outer style-local-3507-c93-outer d-inline-flex h-element\"><a h-use-smooth-scroll=\"true\" href=\"https:\/\/www.radiojudaicastrasbourg.fr\/podcast\/johann-buglnig\/\" target=\"_blank\" data-colibri-id=\"3507-c93\" class=\"d-flex w-100 align-items-center h-link style-2434 style-local-3507-c93 position-relative\" rel=\"noopener\"><!----><span  class=\"h-svg-icon h-link__icon style-2434-icon style-local-3507-c93-icon\"><!--Icon by Font Awesome (https:\/\/fontawesome.com)-->\n    <svg version=\"1.1\" xmlns=\"http:\/\/www.w3.org\/2000\/svg\" xmlns:xlink=\"http:\/\/www.w3.org\/1999\/xlink\" id=\"instagram\" viewBox=\"0 0 1536 1896.0833\">\n      <path d=\"M1024 896q0-106-75-181t-181-75-181 75-75 181 75 181 181 75 181-75 75-181zm138 0q0 164-115 279t-279 115-279-115-115-279 115-279 279-115 279 115 115 279zm108-410q0 38-27 65t-65 27-65-27-27-65 27-65 65-27 65 27 27 65zM768 266q-7 0-76.5-.5t-105.5 0-96.5 3-103 10T315 297q-50 20-88 58t-58 88q-11 29-18.5 71.5t-10 103-3 96.5 0 105.5.5 76.5-.5 76.5 0 105.5 3 96.5 10 103T169 1349q20 50 58 88t88 58q29 11 71.5 18.5t103 10 96.5 3 105.5 0 76.5-.5 76.5.5 105.5 0 96.5-3 103-10 71.5-18.5q50-20 88-58t58-88q11-29 18.5-71.5t10-103 3-96.5 0-105.5-.5-76.5.5-76.5 0-105.5-3-96.5-10-103T1367 443q-20-50-58-88t-88-58q-29-11-71.5-18.5t-103-10-96.5-3-105.5 0-76.5.5zm768 630q0 229-5 317-10 208-124 322t-322 124q-88 5-317 5t-317-5q-208-10-322-124T5 1213q-5-88-5-317t5-317q10-208 124-322t322-124q88-5 317-5t317 5q208 10 322 124t124 322q5 88 5 317z\"><\/path>\n    <\/svg><\/span> <span>Radio Juda\u00efca<\/span><\/a>\n                    <\/span>\n                  <\/div>\n                <\/div>\n              <\/div>\n            <\/div>\n          <\/div>\n        <\/div>\n      <\/div>\n    <\/div>\n  <\/div>\n<\/div>","protected":false},"excerpt":{"rendered":"<p>Le jardin du palais du Rhin Ce jardin est un patrimoine vivant de la Neustadt. Signez pour sa r\u00e9ouverture au public! D\u00e9couvrez&nbsp;ce jardin magnifique et mysterieux, lieu historique des \u00e9changes entre g\u00e9n\u00e9rations h\u00e9las ferm\u00e9 au public depuis 2015 sans raison. Signer la p\u00e9tition Un jardin public pour tous! 4 associations du Quartier ont collectivement engag\u00e9 [&hellip;]<\/p>\n","protected":false},"author":1,"featured_media":0,"parent":0,"menu_order":0,"comment_status":"closed","ping_status":"closed","template":"page-templates\/full-width-page.php","meta":{"footnotes":""},"class_list":["post-3507","page","type-page","status-publish","hentry"],"_links":{"self":[{"href":"https:\/\/quartiervosges.fr\/index.php?rest_route=\/wp\/v2\/pages\/3507","targetHints":{"allow":["GET"]}}],"collection":[{"href":"https:\/\/quartiervosges.fr\/index.php?rest_route=\/wp\/v2\/pages"}],"about":[{"href":"https:\/\/quartiervosges.fr\/index.php?rest_route=\/wp\/v2\/types\/page"}],"author":[{"embeddable":true,"href":"https:\/\/quartiervosges.fr\/index.php?rest_route=\/wp\/v2\/users\/1"}],"replies":[{"embeddable":true,"href":"https:\/\/quartiervosges.fr\/index.php?rest_route=%2Fwp%2Fv2%2Fcomments&post=3507"}],"version-history":[{"count":20,"href":"https:\/\/quartiervosges.fr\/index.php?rest_route=\/wp\/v2\/pages\/3507\/revisions"}],"predecessor-version":[{"id":6291,"href":"https:\/\/quartiervosges.fr\/index.php?rest_route=\/wp\/v2\/pages\/3507\/revisions\/6291"}],"wp:attachment":[{"href":"https:\/\/quartiervosges.fr\/index.php?rest_route=%2Fwp%2Fv2%2Fmedia&parent=3507"}],"curies":[{"name":"wp","href":"https:\/\/api.w.org\/{rel}","templated":true}]}}